{"id":39,"date":"2012-01-23T16:48:31","date_gmt":"2012-01-23T16:48:31","guid":{"rendered":"http:\/\/isgsossenheim.de\/?page_id=39"},"modified":"2013-05-01T12:40:28","modified_gmt":"2013-05-01T12:40:28","slug":"historie","status":"publish","type":"page","link":"https:\/\/isgsossenheim.de\/?page_id=39","title":{"rendered":"Die Historie"},"content":{"rendered":"<table width=\"827\" border=\"\" cellspacing=\"0\" cellpadding=\"0\" bgcolor=\"#FFFFCC\">\n<tbody>\n<tr>\n<td valign=\"TOP\" width=\"60\"><span style=\"color: #000066; font-family: Verdana,Arial,Helvetica,sans-serif;\">1982<\/span><\/td>\n<td valign=\"TOP\" width=\"734\"><span style=\"color: #000066; font-family: Verdana,Arial,Helvetica,sans-serif; font-size: small;\">Am 27.02.1982 fanden die ersten Gespr\u00e4che statt um einen neuen Gewerbeverein zu gr\u00fcnden. <\/span><\/td>\n<\/tr>\n<tr>\n<td valign=\"TOP\"><span style=\"color: #000066; font-family: Verdana,Arial,Helvetica,sans-serif;\">1983<br \/>\n<\/span><\/td>\n<td valign=\"TOP\"><span style=\"color: #000066; font-family: Verdana,Arial,Helvetica,sans-serif; font-size: small;\">Am 06. Juni 1983 fand dann die offizelle Gr\u00fcndungveranstaltung der ISG von ehemaligen Mitgliedern des 1. Sossenheimer Gewerbevereins und anderen Sossenheimer Gesch\u00e4ftsleuten.<\/span><span style=\"color: #000066; font-family: Verdana,Arial,Helvetica,sans-serif; font-size: small;\">Die Gr\u00fcndungsmitglieder sind:<\/span><\/p>\n<ul>\n<li><span style=\"color: #000066; font-family: Verdana,Arial,Helvetica,sans-serif; font-size: small;\">\u00a0Bau + M\u00f6belschreinerer K.P. Schneider<\/span><\/li>\n<li><span style=\"color: #000066; font-family: Verdana,Arial,Helvetica,sans-serif; font-size: small;\">\u00a0Caf\u00e9 Kitzel<\/span><\/li>\n<li><span style=\"color: #000066; font-family: Verdana,Arial,Helvetica,sans-serif; font-size: small;\">\u00a0Elektro-Anlagen B\u00e4r<\/span><\/li>\n<li><span style=\"color: #000066; font-family: Verdana,Arial,Helvetica,sans-serif; font-size: small;\">\u00a0Fotohaus Ott<\/span><\/li>\n<li><span style=\"color: #000066; font-family: Verdana,Arial,Helvetica,sans-serif; font-size: small;\">\u00a0Modest\u00fcbchen, H. Hofmann<\/span><\/li>\n<li><span style=\"color: #000066; font-family: Verdana,Arial,Helvetica,sans-serif; font-size: small;\">\u00a0M\u00f6bel Sch\u00e4fer, W. Schmitt<\/span><\/li>\n<li><span style=\"color: #000066; font-family: Verdana,Arial,Helvetica,sans-serif; font-size: small;\">\u00a0Pepo Werbung, J.P. Polzin<\/span><\/li>\n<li><span style=\"color: #000066; font-family: Verdana,Arial,Helvetica,sans-serif; font-size: small;\">\u00a0Sossenheimer Volksbank, R.Merker<\/span><\/li>\n<li><span style=\"color: #000066; font-family: Verdana,Arial,Helvetica,sans-serif; font-size: small;\">\u00a0Stuck- u. Putzgesch\u00e4ft, E. Kuske<\/span><\/li>\n<li><span style=\"color: #000066; font-family: Verdana,Arial,Helvetica,sans-serif; font-size: small;\">\u00a0Textilhaus Will<\/span><\/li>\n<li><span style=\"color: #000066; font-family: Verdana,Arial,Helvetica,sans-serif; font-size: small;\">\u00a0Uhren-Schmuck Ziemendorf<\/span><\/li>\n<li><span style=\"color: #000066; font-family: Verdana,Arial,Helvetica,sans-serif; font-size: small;\">\u00a0Baustrom-Service, J. Marganovic<\/span><\/li>\n<\/ul>\n<p><span style=\"color: #000066; font-family: Verdana,Arial,Helvetica,sans-serif; font-size: small;\">Bernhard Ott wurde zum 1. Vorsitzenden gew\u00e4hlt.<\/span><\/p>\n<p><span style=\"color: #000066; font-family: Verdana,Arial,Helvetica,sans-serif; font-size: small;\">Das Stra\u00dfenfest in der M\u00fchlgasse wurde zum 5. Mal veranstaltet.<\/span><\/p>\n<p><span style=\"color: #000066; font-family: Verdana,Arial,Helvetica,sans-serif; font-size: small;\">Noch im gleichen Jahr z\u00e4hlte die ISG dann 32 Mitgliedsbetriebe.<\/span><\/p>\n<p><span style=\"color: #000066; font-family: Verdana,Arial,Helvetica,sans-serif; font-size: small;\">Die ISG wurde in den Vereinsring Sossenheim aufgenommen.<\/span><\/p>\n<p><span style=\"color: #000066; font-family: Verdana,Arial,Helvetica,sans-serif; font-size: small;\">Im August fand das Stra\u00dfenfest in der M\u00fchlgasse statt und Anfang Dezember wurde eine Werbewoche &#8222;Der Nikolaus kommt nach Sossenheim&#8220; durchgef\u00fchrt. Eine Gemeinschaftsanzeige mit Sonderangeboten der Mitglieder wurde im Sossenheimer Wochenblatt ver\u00f6ffentlicht, die Firmen h\u00e4ngten die Weihnachtssterne auf und als H\u00f6hepunkt erschien am 5. Dezember der Nikolaus auf dem Kirchberg. Die Drehorgel spielte, es gab Gl\u00fchwein und der Nikolaus verteilte N\u00fcsse, \u00c4pfel und Schokolade an die Kinder.<\/span><\/p>\n<p><span style=\"color: #000066; font-family: Verdana,Arial,Helvetica,sans-serif; font-size: small;\">Am 4.Advent fand das ISG \u2013 Weihnachtssingen in St. Michael statt und davor auf dem Kirchberg gestalteten mehrere Sossenheimer Vereine einen Weihnachtsmarkt. Ein Teil des Erl\u00f6ses wurde f\u00fcr karitative Zwecke gespendet.<br \/>\n<\/span><\/td>\n<\/tr>\n<tr>\n<td valign=\"TOP\"><span style=\"color: #000066; font-family: Verdana,Arial,Helvetica,sans-serif;\">1984<br \/>\n<\/span><\/td>\n<td valign=\"TOP\"><span style=\"color: #000066; font-family: Verdana,Arial,Helvetica,sans-serif; font-size: small;\">Am 7.\/ 8. April gab es im Gasthaus &#8222;Zum L\u00f6wen&#8220; ein ISG \u2013 Wochenende unter dem Motto &#8222;Haus \u2013 Hof \u2013 Garten \u2013 Freizeit&#8220;. Auch in diesem Jahr fand wieder ein Stra\u00dfenfest in der M\u00fchlgasse am 30. Juni, ein<br \/>\nISG \u2013 Intern am 1.September in der Halle Heeb und vom 30. November bis zum 5. Dezember die Nikolauswerbewoche statt. Am 5. Dezember kam der Nikolaus und am 4.Advent wurde das Weihnachtssingen veranstaltet. <\/span><\/td>\n<\/tr>\n<tr>\n<td valign=\"TOP\"><span style=\"color: #000066; font-family: Verdana,Arial,Helvetica,sans-serif;\">1985<\/span><\/td>\n<td valign=\"TOP\"><span style=\"color: #000066; font-family: Verdana,Arial,Helvetica,sans-serif; font-size: small;\">Auf der Jahreshauptversammlung am 7. M\u00e4rz wurde Ralph Hofmann zum 1.Vorsitzenden, Karl-Heinz Schneider zum 2.Vorsitzenden, Walter Opelt zum Schatzmeister, Ingrid Kuske zur Schriftf\u00fchrerin und Inge Heeb zur Beisitzerin gew\u00e4hlt.<br \/>\nDas Stra\u00dfenfestmotto am 22. Juni lautete &#8222;Frankfurt unsere Stadt&#8220;. Es fand eine Tombola statt und der Reinerl\u00f6s der Veranstaltung in H\u00f6he von DM 2490,50 wurde der Uniklinik f\u00fcr krebskranke Kinder gespendet. Am 31. August fand die Zusammenkunft &#8222;ISG \u2013 Intern&#8220; in der Halle Heeb mit Grillstation, selbst hergestellten Salaten und Attraktionen f\u00fcr die Kinder statt. Am 6. Oktober nahm die ISG am Kerbefr\u00fchschoppen des Vereinsrings auf dem Hof der Albrecht &#8211; D\u00fcrer \u2013 Schule teil. Eine Dienstleistungsaktion der Mitgliedsbetriebe unter dem Motto &#8222;Hallo Dienstmann&#8220; wurde durchgef\u00fchrt. In der Weihnachtszeit wurden wieder die traditionellen Veranstaltungen durchgef\u00fchrt: Aufstellen der Weihnachtsb\u00e4ume, Aufh\u00e4ngen der Weihnachtssterne, Nikolauswerbewoche mit dem Nikolaus auf dem Kirchberg, Weihnachtssingen mit Weihnachtsmarkt.<\/span><\/td>\n<\/tr>\n<tr>\n<td valign=\"TOP\"><span style=\"color: #000066; font-family: Verdana,Arial,Helvetica,sans-serif;\">1986<br \/>\n<\/span><\/td>\n<td valign=\"TOP\"><span style=\"color: #000066; font-family: Verdana,Arial,Helvetica,sans-serif; font-size: small;\">Die ISG war in diesem Jahr auf 40 Mitglieder angewachsen. <\/span><\/p>\n<p style=\"text-align: left;\" align=\"CENTER\"><span style=\"color: #000066; font-family: Verdana,Arial,Helvetica,sans-serif; font-size: small;\">Am 16. August stand dann wieder das M\u00fchlgassenfest an, zum ersten Mal<br \/>\nunter dem Motto:&#8220;Nur so zum Spa\u00df f\u00fcr Jedermann, das Stra\u00dfenfest gleich nebenan!&#8220;<\/span><\/p>\n<p><span style=\"color: #000066; font-family: Verdana,Arial,Helvetica,sans-serif; font-size: small;\">Neu war in diesem Jahr auch der Flohmarkt und eine Werbetafel, auf der s\u00e4mtliche<br \/>\nMitgliedsbetriebe aufgef\u00fchrt wurden.<\/span><\/p>\n<p><span style=\"color: #000066; font-family: Verdana,Arial,Helvetica,sans-serif; font-size: small;\">Bis Jahresende dann wieder die bekannten Veranstaltungen: Kerbefr\u00fchschoppen, Weihnachtsbaumaufstellen, Aktion Weihnachtssterne, Nikolauswerbewoche mit Nikolaus auf dem Kirchberg und Weihnachtssingen mit Weihnachtsmarkt.<\/span><\/td>\n<\/tr>\n<tr>\n<td valign=\"TOP\"><span style=\"color: #000066; font-family: Verdana,Arial,Helvetica,sans-serif;\">1987<br \/>\n<\/span><\/td>\n<td valign=\"TOP\"><span style=\"color: #000066; font-family: Verdana,Arial,Helvetica,sans-serif; font-size: small;\">Auf der Jahreshauptversammlung wurde der bisherige Vorstand wiedergew\u00e4hlt, f\u00fcr die ausscheidende Schriftf\u00fchrerin wurde die Vertreterin der Volksbank Vortaunus, Frau Lieselotte Bollin neu in den Vorstand gew\u00e4hlt.<\/span><span style=\"color: #000066; font-family: Verdana,Arial,Helvetica,sans-serif; font-size: small;\">Am 15. August fand das 10. Stra\u00dfenfest unter dem gleichen Motto wie im Vorjahr statt. Zum ersten Mal wurde &#8222;Alt \u2013 Sossenheim&#8220; gesperrt und hatte dadurch reichlich Platz, um den Besuchern viel bieten zu k\u00f6nnen. Der Flohmarkt und eine gro\u00dfe Tombola waren besondere Attraktionen, es spielte der Musikzug der Freiwilligen Feuerwehr, die Spritzergarde und die SGS &#8211; Jazztanzgruppe f\u00fchrten ihre T\u00e4nze vor und eine Drei-Mann-Kapelle musizierte f\u00fcr die G\u00e4ste. Oberb\u00fcrgermeister Br\u00fcck war Ehrengast und alle waren sich einig, da\u00df das 10. M\u00fchlgassenfest eine rundum gelungene Veranstaltung war. Der Erl\u00f6s wurde an die Caritas Zentralstation und an Sossenheimer Kinderg\u00e4rten gespendet.<\/span><span style=\"color: #000066; font-family: Verdana,Arial,Helvetica,sans-serif; font-size: small;\">Der Kerbefr\u00fchschoppen wurde mit Rippchen und Sauerkraut gefeiert und am Wochenende danach trafen sich ISG \u2013 Mitglieder und Tombola \u2013 Gewinner des Stra\u00dfenfestes zu &#8222;ISG \u2013 Intern&#8220; und einer Fahrt durch Frankfurt mit dem Ebbelwoi \u2013 Express. <\/span><span style=\"color: #000066; font-family: Verdana,Arial,Helvetica,sans-serif; font-size: small;\">Die Advents- und Weihnachtszeit brachte die traditionellen Veranstaltungen.<br \/>\n<\/span><\/td>\n<\/tr>\n<tr>\n<td valign=\"TOP\"><span style=\"color: #000066; font-family: Verdana,Arial,Helvetica,sans-serif;\">1988<br \/>\n<\/span><\/td>\n<td valign=\"TOP\"><span style=\"color: #000066; font-family: Verdana,Arial,Helvetica,sans-serif; font-size: small;\">Die Zahl der Mitglieder hat sich auf 43 erh\u00f6ht. Der Vereinsring Sossenheim feierte Ende Mai \/ Anfang Juni seinen 25. Geburtstag mit &#8222;Das Fest&#8220;.<\/span><span style=\"color: #000066; font-family: Verdana,Arial,Helvetica,sans-serif; font-size: small;\">Das ISG &#8211; Stra\u00dfenfest fand am 16. Juli, der Kerbefr\u00fchschoppen am 02. Oktober, &#8222;ISG \u2013 Intern&#8220; mit einer Bierprobe im katholischen Gemeindehaus am 22. Oktober, am 6. Dezember war der Nikolaus auf dem Kirchberg und am 18. Dezember kamen etwa 500 Besucher zum Weihnachtssingen der ISG in die katholische Kirche St. Michael. Aus Spenden der Besucher und der am Weihnachtsmarkt beteiligten Vereine konnten DM 3.000,00 an die Erdbebenhilfe Armenien gespendet werden. <\/span><\/td>\n<\/tr>\n<tr>\n<td valign=\"TOP\"><span style=\"color: #000066; font-family: Verdana,Arial,Helvetica,sans-serif;\">1989<br \/>\n<\/span><\/td>\n<td valign=\"TOP\"><span style=\"color: #000066; font-family: Verdana,Arial,Helvetica,sans-serif; font-size: small;\">Auf der Jahreshauptversammlung am 27. Februar wurde der bisherige Vorstand wiedergew\u00e4hlt: Ralph Hofmann zum 1.Vorsitzenden, Karl-Heinz Schneider zum 2.Vorsitzenden, Walter Opelt zum Schatzmeister, Lieselotte Bollin zur Schriftf\u00fchrerin und Inge Heeb zur Beisitzerin. In diesem Jahr am 09. Mai wurde die ISG ins Vereinsregister unter der Nr. 73VR 9300 eingetragen. Am 8. Juli fand das Stra\u00dfenfest in der M\u00fchlgasse wieder mit Tombola und Flohmarkt statt. &#8222;ISG \u2013 Intern&#8220; fiel leider aus, obwohl schon bestens vorbereitet. Kerbefr\u00fchschoppen am 01. Oktober und zum Jahresende wieder Aufstellen der Weihnachtsb\u00e4ume, Nikolaus auf dem Kirchberg und Weihnachtssingen mit Weihnachtsmarkt. <\/span><\/td>\n<\/tr>\n<tr>\n<td valign=\"TOP\"><span style=\"color: #000066; font-family: Verdana,Arial,Helvetica,sans-serif;\">1990<br \/>\n<\/span><\/td>\n<td valign=\"TOP\"><span style=\"color: #000066; font-family: Verdana,Arial,Helvetica,sans-serif; font-size: small;\">Da Karl-Heinz Schneider sein Amt als 2. Vorsitzender aus beruflichen Gr\u00fcnden zur Verf\u00fcgung stellte war eine au\u00dferplanm\u00e4\u00dfige Wahl f\u00fcr den Vorstand n\u00f6tig geworden. Dabei wurde Walter Opelt als 2.Vorsitzender, Inge Heeb als Schatzmeisterin und Peter Kitzel als Beisitzer gew\u00e4hlt. Weiterhin im Amt blieben der 1.Vorsitzende Ralph Hofmann und die Schriftf\u00fchrerin Lieselotte Bollin.<\/span><span style=\"color: #000066; font-family: Verdana,Arial,Helvetica,sans-serif; font-size: small;\">Eine f\u00fcr das Wochenende 30. M\u00e4rz \/ 01. April vorgesehene Gewerbeschau fand leider nicht statt.<\/span><span style=\"color: #000066; font-family: Verdana,Arial,Helvetica,sans-serif; font-size: small;\">&#8222;ISG \u2013 Intern&#8220; am 23. Juni mit Grillen und Fernseh\u00fcbertragung wegen der Fu\u00dfball-WM, Stra\u00dfenfest am 18. August und die vier Veranstaltungen zum Jahresende waren auch in diesem Jahr ein voller Erfolg. <\/span><span style=\"color: #000066; font-family: Verdana,Arial,Helvetica,sans-serif; font-size: small;\">Das Weihnachtssingen am 4. Advent mit dem Erfurter Kinderchor im Jahr 1 nach dem Fall der Mauer war ein denkw\u00fcrdiges Ereignis und fand auch in der Presse ein nachhaltiges Echo. <\/span><\/td>\n<\/tr>\n<tr>\n<td valign=\"TOP\"><span style=\"color: #000066; font-family: Verdana,Arial,Helvetica,sans-serif;\">1991<br \/>\n<\/span><\/td>\n<td valign=\"TOP\"><span style=\"color: #000066; font-family: Verdana,Arial,Helvetica,sans-serif; font-size: small;\">Die Neuwahlen zum Vorstand ergeben am 25. Februar keine \u00c4nderungen gegen\u00fcber dem Vorjahr. &#8222;ISG \u2013 Intern&#8220; f\u00fchrte uns am 10. August nach Bodenheim zu einer Weinprobe.<\/span><span style=\"color: #000066; font-family: Verdana,Arial,Helvetica,sans-serif; font-size: small;\">Alle Veranstaltungen wurden wie in den letzten Jahren in der bekannt guten Art und Weise von den Mitgliedern der ISG durchgef\u00fchrt. <\/span><\/td>\n<\/tr>\n<tr>\n<td valign=\"TOP\"><span style=\"color: #000066; font-family: Verdana,Arial,Helvetica,sans-serif;\">1992<br \/>\n<\/span><\/td>\n<td valign=\"TOP\"><span style=\"color: #000066; font-family: Verdana,Arial,Helvetica,sans-serif; font-size: small;\">Herausragendes Ereignis im Jahr 1993 war &#8222;ISG &#8211; Intern&#8220; mit der Besichtigung der Brauerei des Licher Bieres. Das Stra\u00dfenfest in der M\u00fchlgasse am 08.August wurde zum 15. Mal veran-staltet, diesmal mit Live-Musik und Jongleuren. Die Jubil\u00e4umstorte schnitt O-berb\u00fcrgermeister von Schoeler an, der der Einladung der ISG zur Er\u00f6ffnung des Festes gefolgt war.Der Kerbefr\u00fchschoppen am 04. Oktober und der Nikolaus auf dem Kirchberg am 04. Dezember waren wie immer erfolgreiche Veranstaltungen. Am 4. Advent wurde der Sossenheimer Kirchberg offiziell \u00fcbergeben. Die Rahmenveranstaltung war das ISG &#8211; Weihnachtssingen mit einem Kinderchor<br \/>\naus Delkenheim und der Weihnachtsmarkt der Sossenheimer Vereine. <\/span><\/td>\n<\/tr>\n<tr>\n<td valign=\"top\"><span style=\"color: #000066; font-family: Verdana,Arial,Helvetica,sans-serif;\">1993<\/span><\/td>\n<td valign=\"top\"><span style=\"color: #000066; font-family: Verdana,Arial,Helvetica,sans-serif; font-size: small;\">Auf der Mitgliederversammlung am 08. M\u00e4rz wurden Herr Ralph Hofmann als 1.Vorsitzender, Herr Walter Opelt als 2.Vorsitzender und Frau Inge Heeb als Schatzmeisterin einstimmig wiedergew\u00e4hlt. Neu in den Vorstand wurde Frau Michaela Uhlemann als Schriftf\u00fchrerin gew\u00e4hlt. Sie ist Vertreterin der Volksbank Vortaunus und wurde Nachfolgerin der ausgeschiedenen Frau Lieselotte Bollin.Am 20. Juni fand &#8222;ISG &#8211; Intern&#8220;, am 10. Juli das 16. Stra\u00dfenfest, am 03. Oktober der Kerbefr\u00fchschoppen, am 03. Dezember Nikolaus auf dem Kirchberg und am 19. Dezember das ISG &#8211; Weihnachtssingen statt, in diesem Jahr ohne Weihnachtsmarkt.<\/span><\/td>\n<\/tr>\n<tr>\n<td valign=\"top\"><span style=\"color: #000066; font-family: Verdana,Arial,Helvetica,sans-serif;\">1994<\/span><\/td>\n<td valign=\"top\"><span style=\"color: #000066; font-family: Verdana,Arial,Helvetica,sans-serif; font-size: small;\">Auf der Mitgliederversammlung am 22. M\u00e4rz wurde Frau Michaela Uhlemann als Nachfogerin der verstorbenen Frau Heeb in das Amt der Schatzmeisterin gew\u00e4hlt. Als Schriftf\u00fchrerin wurde Frau Marion Weber und als Beisitzer Herr Peter Kitzel gew\u00e4hlt.Am 09. Juli fand das 16. Stra\u00dfenfest in der M\u00fchlgasse, im September ISG &#8211; Intern mit einem Spanferkelessen im Volkshaus &#8211; Restaurant und dann am 05. und 06. November die lang herbeigesehnte und ganz kurzfristig organisierte Gewerbeschau im Volkshaus statt. Es nahmen 35 Aussteller teil, darunter auch einige Nichtmitglieder, von denen wiederum einige sp\u00e4ter Mitglied der ISG wurden. Die Veranstaltung war ein gro\u00dfer Erfolg und fand in der Presse ein durchweg positives Echo. Bei der Tombola wurden am Schlu\u00dftag ca. 100 Preise im Wert von rund DM 15.000,00 ausgelost. Zum Jahresende gab es am 05. Dezember dann noch den Nikolaus auf dem Kirchberg und am 18. Dezember das Weihnachtssingen mit kleinem Weihnachtsmarkt.<\/span><\/td>\n<\/tr>\n<tr>\n<td valign=\"top\"><span style=\"color: #000066; font-family: Verdana,Arial,Helvetica,sans-serif;\">1995<\/span><\/td>\n<td valign=\"top\"><span style=\"color: #000066; font-family: Verdana,Arial,Helvetica,sans-serif; font-size: small;\">Die Mitgliederversammlung am 28. April w\u00e4hlte Michael Uhlemann zum neuen 1.Vorsitzenden, Rainer Henrich zum 2.Vorsitzenden und Jochen Wiechula zum Schriftf\u00fchrer. Weiterhin im Amt blieben Michaela Uhlemann als Schatzmeisterin und Peter Kitzel als Beisitzer. Bei dieser Versammlung wurden die Jahresbeitr\u00e4ge von den seit 1983 g\u00fcltigen DM 50,00 auf DM 100,00 angehoben.Am 01. Juli fand das Stra\u00dfenfest, am 09. September &#8222;ISG &#8211; Intern&#8220; mit einem Grillfest in der Halle Heeb und am 01. Oktober der Kerbefr\u00fchschoppen statt.In diesem Jahr wurde das ISG &#8211; Weihnachtssingen erstmals zu einem fr\u00fcheren Zeitpunkt, n\u00e4mlich am 1. Advent durchgef\u00fchrt. Gleichzeitig wurde an diesem Wochenende, am 02. und 03. Dezember auf dem Kirchberg ein Weihnachtsmarkt unter dem Motto &#8222;Nostalgie und Kunsthandwerk&#8220; organisiert. An ihm nahmen \u00fcber 30 Aussteller teil, es waren Sossenheimer Vereine, Sossenheimer Schulen und Kinderg\u00e4rten, aber auch Sossenheimer Gesch\u00e4ftsleute und K\u00fcnstler. Mit Schreiben vom 14. Dezember erkl\u00e4rt Michael Uhlemann seinen R\u00fccktritt als 1. Vorsitzender.<\/span><\/td>\n<\/tr>\n<tr>\n<td valign=\"top\"><span style=\"color: #000066; font-family: Verdana,Arial,Helvetica,sans-serif;\">1996<\/span><\/td>\n<td valign=\"top\"><span style=\"color: #000066; font-family: Verdana,Arial,Helvetica,sans-serif; font-size: small;\">Die Neuwahlen auf der Mitgliederversammlung der ISG ergeben: 1.Vorsitzender Rainer Henrich, 2.Vorsitzender Theo Kopp, Schatzmeister Michael Reinsch, Beisitzer Walter Opelt.Das Stra\u00dfenfest in der M\u00fchlgasse fand<br \/>\nam 13. Juli, der Kerbefr\u00fchschoppen am 06. Oktober und am 09. \/ 10. November wiederum eine Gewerbeschau im Volkshaus statt.Am 30. November und am 1. Dezember war dann der Weihnachtsmarkt mit Weihnachtssingen an der Reihe.Im Jahr 1996 wurde versucht einmal im Monat einen Stammtisch f\u00fcr die Mitglieder zu veranstalten. Die Teilnahme war recht unterschiedlich und reichte von zwei bis zwanzig Personen.<\/span><\/td>\n<\/tr>\n<tr>\n<td valign=\"top\"><span style=\"color: #000066; font-family: Verdana,Arial,Helvetica,sans-serif;\">1997<\/span><\/td>\n<td valign=\"top\"><span style=\"color: #000066; font-family: Verdana,Arial,Helvetica,sans-serif; font-size: small;\">Auf der Mitgliederversammlung am 10. M\u00e4rz wurde Hans J\u00fcrgen Koch zum Schatzmeister und Steffen Hofmann zum Schriftf\u00fchrer gew\u00e4hlt. Am 12. Juli fand dann das 20. Stra\u00dfenfest statt, in der M\u00fchlgasse wie immer die Verk\u00f6stigung, in der Nikolausstra\u00dfe der Flohmarkt und auf dem Kirchberg ein Kinderfest mit H\u00fcpfburg, Karussel und Clownerien. Der Weihnachtsmarkt war wieder am Wochenende des 1. Advent, 29. und 30. November.<\/span><\/td>\n<\/tr>\n<tr>\n<td valign=\"top\"><span style=\"color: #000066; font-family: Verdana,Arial,Helvetica,sans-serif;\">1998<\/span><\/td>\n<td valign=\"top\"><span style=\"color: #000066; font-family: Verdana,Arial,Helvetica,sans-serif; font-size: small;\">Auf der Mitgliederversammlung am 16. M\u00e4rz kandidierte der bisherige Vorstand f\u00fcr keine weitere Amtsperiode, auch konnte kein neuer Vorstand gefunden werden, da der Entschlu\u00df f\u00fcr alle Anwesenden sehr pl\u00f6tzlich kam und keine Vorbereitung auf die Situation m\u00f6glich war. Deswegen wurde f\u00fcr den 27. April eine weitere au\u00dferordentliche Mitgliederversammlung einberufen. Bis zu diesem Zeitpunkt war der alte Vorstand gesch\u00e4ftsf\u00fchrend im Amt. Nun wurden neugew\u00e4hlt: als 1. Vorsitzender Peter Wildberger, als 2. Vorsitzender Peter Brum, als Schatzmeister Roland B\u00e4r, als Schriftf\u00fchrer Jochen Wiechula und als Beisitzer Walter Opelt und Michael Schmitt.21. Stra\u00dfenfest der ISG am 04. Juli in der Sossenheimer M\u00fchlgasse. Teilnahme am Kerbefr\u00fchschoppen des Vereinsrings am 04. Oktober.Weihnachtsmarkt der ISG am 2. Adventswochenende, 05. und 06. Dezember mit Weihnachtssingen.<\/span><\/td>\n<\/tr>\n<tr>\n<td valign=\"top\"><span style=\"color: #000066; font-family: Verdana,Arial,Helvetica,sans-serif;\">1999<\/span><\/td>\n<td valign=\"top\"><span style=\"color: #000066; font-family: Verdana,Arial,Helvetica,sans-serif; font-size: small;\">Hier nun mal ein etwas anderer Bericht von den Aktivit\u00e4ten der ISG T\u00e4tigkeitsbericht des Vorstands f\u00fcr das Jahr 1999. Am Mittwoch, 03. Februar fand die 1. Vorstandssitzung statt. Am Dienstag, 23. M\u00e4rz fand die 2. Vorstandssitzung statt.Am Montag, 26. April fand die 3. Vorstandssitzung statt. Am 11. Mai fand die ordentliche Mitgliederversammlung statt. Am Dienstag, 18. Mai fand die 4. Vorstandssitzung statt. Am Dienstag, 25. Mai nahmen 15 Mitgliedsfirmen am Stammtisch beim Spritzerw\u00e4ldchestag auf dem Sossenheimer Kirchberg teil. Am Montag, 14. Juni 1999 fand das Vortreffen zum M\u00fchlgassenfest auf dem Hof Heeb statt. Am Dienstag, 22. Juni fand die 5. Vorstandssitzung statt. Am Samstag\/Sonntag 26.\/27. Juni wurde das 22. M\u00fchlgassenfest mit Floh-markt am Samstagnachmittag und erstmals mit Fr\u00fchschoppen und Live-Band am Sonntagmorgen veranstaltet. Am Samstag, 04. September wurden die M\u00fchlgassenfesthelfer beim ISG &#8211; Intern zum Hoffest des Autohauses Karl M\u00fcller nach Eschborn eingeladen. Am Sonntag 03. Oktober nahm die ISG mit einem Apfelwein- und Brezel-Stand am traditionellen Kerbefr\u00fchschoppen auf dem Hof der Albrecht-D\u00fcrer-Schule teil.Am Donnerstag, 04. November fand die 6. Vorstandssitzung statt. Am Montag, 08. November nahmen Vorstandsmitglieder der ISG an der Halbjahresversammlung des Sossenheimer Vereinsrings teil. Am Samstag\/Sonntag 04.\/05. Dezember wurde der Weihnachtsmarkt auf dem Sossenheimer Kirchberg mit Weihnachtssingen veranstaltet.<\/span><\/td>\n<\/tr>\n<tr>\n<td valign=\"top\"><span style=\"color: #000066; font-family: Verdana,Arial,Helvetica,sans-serif;\">2000<\/span><\/td>\n<td valign=\"top\"><span style=\"color: #000066; font-family: Verdana,Arial,Helvetica,sans-serif; font-size: small;\">Die Vorstandswahlen auf der Mitgliederversammlung am 29. M\u00e4rz ergaben keine \u00c4nderungen gegen\u00fcber den Wahlen von vor zwei Jahren. Wiedergew\u00e4hlt wurden Peter Wildberger als 1.Vorsitzender, Peter Brum als 2.Vorsitzender, Roland B\u00e4r als Schatzmeister, Jochen Wiechula als Schriftf\u00fchrer und Walter Opelt und Michael Schmitt als Beisitzer.Das 23. Stra\u00dfenfest fand am 24. \/ 25. Juni, der Kerbefr\u00fchschoppen am 01. Oktober und der<br \/>\nWeihnachtsmarkt am 10. Dezember, diesmal nur noch am 2. Adventssonntag und mit gro\u00dfem Erfolg und sehr vielen Besuchern statt. Attraktion war einmal mehr das Kinderkarussel mitten auf dem Kirchberg. <\/span><\/td>\n<\/tr>\n<tr>\n<td valign=\"top\"><span style=\"color: #000066; font-family: Verdana,Arial,Helvetica,sans-serif;\">2001<\/span><\/td>\n<td valign=\"top\"><span style=\"color: #000066; font-family: Verdana,Arial,Helvetica,sans-serif; font-size: small;\">Die Mitgliederversammlung fand diesmal am 28. M\u00e4rz im Caf\u00e9 von Peter Kitzel in sehr gem\u00fctlicher und entspannter Atmosph\u00e4re ohne Neuwahlen statt.Endlich konnte der seit l\u00e4ngerer Zeit geplante Flyer mit den Adressen und Telefonnummern der Mitgliedsfirmen als Beilage zum Sossenheimer Wochenblatt ver\u00f6ffentlicht werden.Wie immer fand das Stra\u00dfenfest in der M\u00fchlgasse statt. In diesem Jahr nun schon zum 24. Mal. Die ISG nahm am 7.Oktober auch wieder am Kerbefr\u00fchschoppen teil und am 3. Advent fand der Weihnachtsmarkt mit Weihnachtssingen statt.Und zu guter letzt: Am Ende diesen Jahres geht die ISG mit eigener Homepage online.<\/span><\/td>\n<\/tr>\n<tr>\n<td valign=\"top\"><span style=\"color: #000066; font-family: Verdana,Arial,Helvetica,sans-serif;\">2002<\/span><\/td>\n<td valign=\"top\"><span style=\"color: #000066; font-family: Verdana,Arial,Helvetica,sans-serif; font-size: small;\">Die Mitgliederversammlung fand diesmal am 23. April im Gasthaus &#8222;Zum Taunus&#8220; statt. F\u00fcr eine weitere Amtszeit stand der bisherige Vorstand nicht mehr zur Verf\u00fcgung. Da sich kein weiterer Vorstand finden konnte, wurde eine weitere au\u00dferordentliche Mitgliederversammlung zum 03. September 2002 einberufen. Bis zu diesem Zeitpunkt war der alte Vorstand gesch\u00e4ftsf\u00fchrend im Amt. Gew\u00e4hlt wurden am 03. September 2002 zum 1. Vorsitzenden Herbert Schneider, 2. Vorsitzender Walter Opelt,<\/span><span style=\"color: #000066; font-family: Verdana,Arial,Helvetica,sans-serif; font-size: small;\"> als Schatzmeisterin Karin Lange, als Schriftf\u00fchrer Peter Wagner und als Beisitzer Theo Kopp und Thomas Mahr.<\/span><\/td>\n<\/tr>\n<tr>\n<td valign=\"top\"><span style=\"color: #000066; font-family: Verdana,Arial,Helvetica,sans-serif;\">2003<\/span><\/td>\n<td valign=\"top\"><span style=\"color: #000066; font-family: Verdana,Arial,Helvetica,sans-serif; font-size: small;\">Das Jahr 2003 wurde durch einige neue Ver\u00e4nderungen gepr\u00e4gt. Als erstes wurde die Satzung gr\u00fcndlich \u00fcberarbeitet um dem Verein in Zukunft nicht wieder in die Lage zu versetzen, da\u00df der Vorstand einheitlich<br \/>\nneu gew\u00e4hlt werden mu\u00df. Die neue Satzung wurde am 17.06.2003 den Mitgliedern vorgestellt. Weiterhin wurde \u00fcber die Einf\u00fchrung eines Kundenkarten-Rabattsystems gesprochen, dies wurde durch eine externe Firma vorgetragen. Der Vortrag f\u00fchrte dann zu einer lebhaften Diskussion. Die Anwesenden kamen zu dem Entschlu\u00df und auch Notwendigkeit, etwas f\u00fcr die Verkaufsf\u00f6rderung in Sossenheim zu tun. Am 19.07.2003 fand dann das 25igste Sossenheimer M\u00fchlgassenfest statt. Man kehrte in die Vergangenheit zur\u00fcck und verlegte das Fest wieder in die Strasse. Das Jahr fand am 1. Advent durch den Weihnachtsmarkt auf dem Sossenheimer Kirchberg mit einem Konzert in der St. Michaels-Kirche unter Mitwirkung des Frauenchor der Chorgemeinschaft 1880\/82 und das Collegium Piccolo ein ruhiges Ende.<\/span><\/td>\n<\/tr>\n<tr>\n<td valign=\"top\"><span style=\"color: #000066; font-family: Verdana,Arial,Helvetica,sans-serif;\">2004<\/span><\/td>\n<td valign=\"top\"><span style=\"color: #000066; font-family: Verdana,Arial,Helvetica,sans-serif; font-size: small;\">Das 26igste Strassenfest wurde trotz einiger Regeng\u00fc\u00dfe ein voller Erfolg, was letztendlich durch die Umstellung auf eine Live-Band gelang. Die M\u00fchlgasse wurde durch die Jungs und M\u00e4dels der Good Vibrations in Stimmung versetzt. Am 22. September fand im Gasthaus &#8222;Zum Taunus&#8220; die Mitgliederversammlung statt. Turnusgem\u00e4\u00df statt die Wahl des 1. Vorsitzenden sowie der 2. Beisitzer zur Wahl an. Aufgrund des ausscheidenens des 1. Kassierers Frau Karin Lange, mu\u00dfte auch dieser Posten neu besetzt werden. Weiterhin wurde der Vorstand nach der neuen Satzung um jeweils eines 2. Kassieres sowie 2. Schriftf\u00fchrers erg\u00e4nzt. Weiterhin stand die Position des 1. Schriftf\u00fchrers Peter Wagner zur Verf\u00fcgung, der aufgrund zu hoher Arbeitsbelastung in seiner Firma den Posten abgab. Ein Teil des Vorstandes stellte sich weiterhin zu Wahl, so da\u00df sich folgende \u00c4nderung ergab. Der 1. Vorsitzende Herbert Schneider wurde einstimmig wieder gew\u00e4hlt. Als 1. Kassierer wurde Regina Opelt, als 2. Kassierer Peter Wagner, als 1. Schriftf\u00fchrer Thomas Mahr, 2. Schriftf\u00fchrer Claudia Schneider sowie als 2. Beisitzer Klaus B\u00f6ckner gew\u00e4hlt. Das Jahr fand auch diesmal ein ruhige Ende was letztendlich dem Sinfonische Blasorchester I der Heinrich-von-Kleist-Schule zu verdanken war.<\/span><\/td>\n<\/tr>\n<tr>\n<td valign=\"top\"><span style=\"color: #000066; font-family: Verdana,Arial,Helvetica,sans-serif;\">2007<\/span><\/td>\n<td valign=\"top\"><span style=\"color: #000066; font-family: Verdana,Arial,Helvetica,sans-serif; font-size: small;\">Das Jahr 2007 wurde durch verschiedenste Aktivit\u00e4ten der ISG gepr\u00e4gt. Mit dem 29igsten Strassenfest wurde das 25j\u00e4hrige Bestehen der ISG eingeleitet. Aufgrund des bevorstehenden Jubil\u00e4um im n\u00e4chsten Jahr, wurde beschlossen ins Jubil\u00e4umsjahr reinzu feiern. Die Bev\u00f6lkerung soll durch die verschiedenste Veranstaltungen darauf aufmerksam gemacht werden. Nach dem Strassenfest folgte als n\u00e4chstes Highlight die Gewerbeschau &#8222;R(h)ein in Maein Sossenheim statt&#8220;. <\/span><\/td>\n<\/tr>\n<tr>\n<td colspan=\"2\" valign=\"top\"><span style=\"color: #000066; font-family: Verdana,Arial,Helvetica,sans-serif; font-size: small;\">In Zusammenhang mit der Aufstellung dieser Aktivit\u00e4ten der ISG in den letzten 25 Jahren mu\u00df nat\u00fcrlich all den vielen Helfern, Mitarbeitern und Vorst\u00e4nden dieser Jahre f\u00fcr die viele f\u00fcr die ISG unentgeltlich geleistete Arbeit gedankt werden, wird doch an einer solchen Aufstellung deutlich, was alles im Laufe der Zeit getan wurde.<\/span><\/td>\n<\/tr>\n<\/tbody>\n<\/table>\n","protected":false},"excerpt":{"rendered":"<p>1982 Am 27.02.1982 fanden die ersten Gespr\u00e4che statt um einen neuen Gewerbeverein zu gr\u00fcnden. 1983 Am 06. Juni 1983 fand dann die offizelle Gr\u00fcndungveranstaltung der ISG von ehemaligen Mitgliedern des 1. Sossenheimer Gewerbevereins und anderen Sossenheimer Gesch\u00e4ftsleuten.Die Gr\u00fcndungsmitglieder sind: \u00a0Bau &hellip;<\/p>\n<p class=\"read-more\"> <a class=\"more-link\" href=\"https:\/\/isgsossenheim.de\/?page_id=39\"> <span class=\"screen-reader-text\">Die Historie<\/span> Weiterlesen &raquo;<\/a><\/p>\n","protected":false},"author":1,"featured_media":0,"parent":6,"menu_order":0,"comment_status":"closed","ping_status":"closed","template":"","meta":{"footnotes":""},"class_list":["post-39","page","type-page","status-publish","hentry"],"_links":{"self":[{"href":"https:\/\/isgsossenheim.de\/index.php?rest_route=\/wp\/v2\/pages\/39","targetHints":{"allow":["GET"]}}],"collection":[{"href":"https:\/\/isgsossenheim.de\/index.php?rest_route=\/wp\/v2\/pages"}],"about":[{"href":"https:\/\/isgsossenheim.de\/index.php?rest_route=\/wp\/v2\/types\/page"}],"author":[{"embeddable":true,"href":"https:\/\/isgsossenheim.de\/index.php?rest_route=\/wp\/v2\/users\/1"}],"replies":[{"embeddable":true,"href":"https:\/\/isgsossenheim.de\/index.php?rest_route=%2Fwp%2Fv2%2Fcomments&post=39"}],"version-history":[{"count":25,"href":"https:\/\/isgsossenheim.de\/index.php?rest_route=\/wp\/v2\/pages\/39\/revisions"}],"predecessor-version":[{"id":420,"href":"https:\/\/isgsossenheim.de\/index.php?rest_route=\/wp\/v2\/pages\/39\/revisions\/420"}],"up":[{"embeddable":true,"href":"https:\/\/isgsossenheim.de\/index.php?rest_route=\/wp\/v2\/pages\/6"}],"wp:attachment":[{"href":"https:\/\/isgsossenheim.de\/index.php?rest_route=%2Fwp%2Fv2%2Fmedia&parent=39"}],"curies":[{"name":"wp","href":"https:\/\/api.w.org\/{rel}","templated":true}]}}